{"version":"1.0","provider_name":"Freiwillige Feuerwehr Daun","provider_url":"https:\/\/www.feuerwehr-daun.de\/wp","author_name":"Christoph","author_url":"https:\/\/www.feuerwehr-daun.de\/wp\/author\/christoph\/","title":"Kettens\u00e4genlehrgang f\u00fcr Feuerwehrangeh\u00f6rige - Freiwillige Feuerwehr Daun","type":"rich","width":600,"height":338,"html":"<blockquote class=\"wp-embedded-content\" data-secret=\"77WcOTTpUM\"><a href=\"https:\/\/www.feuerwehr-daun.de\/wp\/kettensaegenlehrgang-fuer-feuerwehrangehoerige\/\">Kettens\u00e4genlehrgang f\u00fcr Feuerwehrangeh\u00f6rige<\/a><\/blockquote><iframe sandbox=\"allow-scripts\" security=\"restricted\" src=\"https:\/\/www.feuerwehr-daun.de\/wp\/kettensaegenlehrgang-fuer-feuerwehrangehoerige\/embed\/#?secret=77WcOTTpUM\" width=\"600\" height=\"338\" title=\"&#8222;Kettens\u00e4genlehrgang f\u00fcr Feuerwehrangeh\u00f6rige&#8220; &#8211; Freiwillige Feuerwehr Daun\" data-secret=\"77WcOTTpUM\" frameborder=\"0\" marginwidth=\"0\" marginheight=\"0\" scrolling=\"no\" class=\"wp-embedded-content\"><\/iframe><script type=\"text\/javascript\">\n\/* <![CDATA[ *\/\n\/*! This file is auto-generated *\/\n!function(d,l){\"use strict\";l.querySelector&&d.addEventListener&&\"undefined\"!=typeof URL&&(d.wp=d.wp||{},d.wp.receiveEmbedMessage||(d.wp.receiveEmbedMessage=function(e){var t=e.data;if((t||t.secret||t.message||t.value)&&!\/[^a-zA-Z0-9]\/.test(t.secret)){for(var s,r,n,a=l.querySelectorAll('iframe[data-secret=\"'+t.secret+'\"]'),o=l.querySelectorAll('blockquote[data-secret=\"'+t.secret+'\"]'),c=new RegExp(\"^https?:$\",\"i\"),i=0;i<o.length;i++)o[i].style.display=\"none\";for(i=0;i<a.length;i++)s=a[i],e.source===s.contentWindow&&(s.removeAttribute(\"style\"),\"height\"===t.message?(1e3<(r=parseInt(t.value,10))?r=1e3:~~r<200&&(r=200),s.height=r):\"link\"===t.message&&(r=new URL(s.getAttribute(\"src\")),n=new URL(t.value),c.test(n.protocol))&&n.host===r.host&&l.activeElement===s&&(d.top.location.href=t.value))}},d.addEventListener(\"message\",d.wp.receiveEmbedMessage,!1),l.addEventListener(\"DOMContentLoaded\",function(){for(var e,t,s=l.querySelectorAll(\"iframe.wp-embedded-content\"),r=0;r<s.length;r++)(t=(e=s[r]).getAttribute(\"data-secret\"))||(t=Math.random().toString(36).substring(2,12),e.src+=\"#?secret=\"+t,e.setAttribute(\"data-secret\",t)),e.contentWindow.postMessage({message:\"ready\",secret:t},\"*\")},!1)))}(window,document);\n\/\/# sourceURL=https:\/\/www.feuerwehr-daun.de\/wp\/wp-includes\/js\/wp-embed.min.js\n\/* ]]> *\/\n<\/script>\n","thumbnail_url":"https:\/\/www.feuerwehr-daun.de\/wp\/wp-content\/uploads\/2017\/11\/Foto2a.jpg","thumbnail_width":900,"thumbnail_height":400,"description":"Nach l\u00e4ngerer Planung wurde f\u00fcr die Freiwillige Feuerwehr der Verbandsgemeinde Daun wieder ein Kettens\u00e4genlehrgang angeboten. Die Ausbildung erfolgte im Gemeindehaus in Meisburg und den umliegenden W\u00e4ldern. Unter der Leitung von Wehrleiter Thomas Simonis erfolgte die Ausbildung durch die entsprechend bef\u00e4higten Feuerwehrangeh\u00f6rigen Thorsten Schneider, Harald M\u00fcller und Christian Pias. Die Kettens\u00e4ge ist bei der Freiwilligen Feuerwehr grunds\u00e4tzlich als Rettungsger\u00e4t anzusehen. Das [...]"}