{"version":"1.0","provider_name":"Freiwillige Feuerwehr Daun","provider_url":"https:\/\/www.feuerwehr-daun.de\/wp","author_name":"Christoph","author_url":"https:\/\/www.feuerwehr-daun.de\/wp\/author\/christoph\/","title":"Philipp Thiel neuer Atemschutzger\u00e4tetr\u00e4ger der Feuerwehr Daun - Freiwillige Feuerwehr Daun","type":"rich","width":600,"height":338,"html":"<blockquote class=\"wp-embedded-content\" data-secret=\"PxuZYCD7V9\"><a href=\"https:\/\/www.feuerwehr-daun.de\/wp\/philipp-thiel-neuer-atemschutzgeraetetraeger-der-feuerwehr-daun\/\">Philipp Thiel neuer Atemschutzger\u00e4tetr\u00e4ger der Feuerwehr Daun<\/a><\/blockquote><iframe sandbox=\"allow-scripts\" security=\"restricted\" src=\"https:\/\/www.feuerwehr-daun.de\/wp\/philipp-thiel-neuer-atemschutzgeraetetraeger-der-feuerwehr-daun\/embed\/#?secret=PxuZYCD7V9\" width=\"600\" height=\"338\" title=\"&#8222;Philipp Thiel neuer Atemschutzger\u00e4tetr\u00e4ger der Feuerwehr Daun&#8220; &#8211; Freiwillige Feuerwehr Daun\" data-secret=\"PxuZYCD7V9\" frameborder=\"0\" marginwidth=\"0\" marginheight=\"0\" scrolling=\"no\" class=\"wp-embedded-content\"><\/iframe><script type=\"text\/javascript\">\n\/* <![CDATA[ *\/\n\/*! This file is auto-generated *\/\n!function(d,l){\"use strict\";l.querySelector&&d.addEventListener&&\"undefined\"!=typeof URL&&(d.wp=d.wp||{},d.wp.receiveEmbedMessage||(d.wp.receiveEmbedMessage=function(e){var t=e.data;if((t||t.secret||t.message||t.value)&&!\/[^a-zA-Z0-9]\/.test(t.secret)){for(var s,r,n,a=l.querySelectorAll('iframe[data-secret=\"'+t.secret+'\"]'),o=l.querySelectorAll('blockquote[data-secret=\"'+t.secret+'\"]'),c=new RegExp(\"^https?:$\",\"i\"),i=0;i<o.length;i++)o[i].style.display=\"none\";for(i=0;i<a.length;i++)s=a[i],e.source===s.contentWindow&&(s.removeAttribute(\"style\"),\"height\"===t.message?(1e3<(r=parseInt(t.value,10))?r=1e3:~~r<200&&(r=200),s.height=r):\"link\"===t.message&&(r=new URL(s.getAttribute(\"src\")),n=new URL(t.value),c.test(n.protocol))&&n.host===r.host&&l.activeElement===s&&(d.top.location.href=t.value))}},d.addEventListener(\"message\",d.wp.receiveEmbedMessage,!1),l.addEventListener(\"DOMContentLoaded\",function(){for(var e,t,s=l.querySelectorAll(\"iframe.wp-embedded-content\"),r=0;r<s.length;r++)(t=(e=s[r]).getAttribute(\"data-secret\"))||(t=Math.random().toString(36).substring(2,12),e.src+=\"#?secret=\"+t,e.setAttribute(\"data-secret\",t)),e.contentWindow.postMessage({message:\"ready\",secret:t},\"*\")},!1)))}(window,document);\n\/\/# sourceURL=https:\/\/www.feuerwehr-daun.de\/wp\/wp-includes\/js\/wp-embed.min.js\n\/* ]]> *\/\n<\/script>\n","thumbnail_url":"https:\/\/www.feuerwehr-daun.de\/wp\/wp-content\/uploads\/2018\/03\/AGT-2018-03-d.jpg","thumbnail_width":900,"thumbnail_height":400,"description":"Feuer! Es brennt! Die Feuerwehr r\u00fcckt an. Bereits auf der Anfahrt r\u00fcstet sich der Angriffstrupp im Fahrzeug mit Atemschutzger\u00e4ten aus. Nach bestandenem Lehrgang kann die Feuerwehr Daun nun mit Philipp Thiel (stehend ganz rechts) auf einen weiteren Atemschutzger\u00e4tetr\u00e4ger mehr zur\u00fcckgreifen. Um sich gegen die entstehenden Atemgifte, die bei einem Brand entstehen, zu sch\u00fctzen, nutzt die Feuerwehr Atemschutzger\u00e4te. Meist in Form [...]"}