{"version":"1.0","provider_name":"Freiwillige Feuerwehr Daun","provider_url":"https:\/\/www.feuerwehr-daun.de\/wp","author_name":"Christoph","author_url":"https:\/\/www.feuerwehr-daun.de\/wp\/author\/christoph\/","title":"Rene Sch\u00e4fer zum stellv. Wehrf\u00fchrer ernannt - Freiwillige Feuerwehr Daun","type":"rich","width":600,"height":338,"html":"<blockquote class=\"wp-embedded-content\" data-secret=\"UhmfEJNJhb\"><a href=\"https:\/\/www.feuerwehr-daun.de\/wp\/rene-schaefer-zum-stellv-wehrfuehrer-ernannt\/\">Rene Sch\u00e4fer zum stellv. Wehrf\u00fchrer ernannt<\/a><\/blockquote><iframe sandbox=\"allow-scripts\" security=\"restricted\" src=\"https:\/\/www.feuerwehr-daun.de\/wp\/rene-schaefer-zum-stellv-wehrfuehrer-ernannt\/embed\/#?secret=UhmfEJNJhb\" width=\"600\" height=\"338\" title=\"&#8222;Rene Sch\u00e4fer zum stellv. Wehrf\u00fchrer ernannt&#8220; &#8211; Freiwillige Feuerwehr Daun\" data-secret=\"UhmfEJNJhb\" frameborder=\"0\" marginwidth=\"0\" marginheight=\"0\" scrolling=\"no\" class=\"wp-embedded-content\"><\/iframe><script type=\"text\/javascript\">\n\/* <![CDATA[ *\/\n\/*! This file is auto-generated *\/\n!function(d,l){\"use strict\";l.querySelector&&d.addEventListener&&\"undefined\"!=typeof URL&&(d.wp=d.wp||{},d.wp.receiveEmbedMessage||(d.wp.receiveEmbedMessage=function(e){var t=e.data;if((t||t.secret||t.message||t.value)&&!\/[^a-zA-Z0-9]\/.test(t.secret)){for(var s,r,n,a=l.querySelectorAll('iframe[data-secret=\"'+t.secret+'\"]'),o=l.querySelectorAll('blockquote[data-secret=\"'+t.secret+'\"]'),c=new RegExp(\"^https?:$\",\"i\"),i=0;i<o.length;i++)o[i].style.display=\"none\";for(i=0;i<a.length;i++)s=a[i],e.source===s.contentWindow&&(s.removeAttribute(\"style\"),\"height\"===t.message?(1e3<(r=parseInt(t.value,10))?r=1e3:~~r<200&&(r=200),s.height=r):\"link\"===t.message&&(r=new URL(s.getAttribute(\"src\")),n=new URL(t.value),c.test(n.protocol))&&n.host===r.host&&l.activeElement===s&&(d.top.location.href=t.value))}},d.addEventListener(\"message\",d.wp.receiveEmbedMessage,!1),l.addEventListener(\"DOMContentLoaded\",function(){for(var e,t,s=l.querySelectorAll(\"iframe.wp-embedded-content\"),r=0;r<s.length;r++)(t=(e=s[r]).getAttribute(\"data-secret\"))||(t=Math.random().toString(36).substring(2,12),e.src+=\"#?secret=\"+t,e.setAttribute(\"data-secret\",t)),e.contentWindow.postMessage({message:\"ready\",secret:t},\"*\")},!1)))}(window,document);\n\/\/# sourceURL=https:\/\/www.feuerwehr-daun.de\/wp\/wp-includes\/js\/wp-embed.min.js\n\/* ]]> *\/\n<\/script>\n","thumbnail_url":"https:\/\/www.feuerwehr-daun.de\/wp\/wp-content\/uploads\/2013\/11\/Ernennung-Rene.jpg","thumbnail_width":680,"thumbnail_height":300,"description":"Nun hat auch die Dauner Feuerwehr offiziell einen stellvertretenden Wehrf\u00fchrer. Rene Sch\u00e4fer, der dieses Amt bereits seit 2010 kommissarisch aus\u00fcbt, wurde von B\u00fcrgermeister Werner Kl\u00f6ckner offiziell zum Stellvertreter von Wehrf\u00fchrer Manfred Hommes ernannt. Dies war erst jetzt m\u00f6glich, da Rene Sch\u00e4fer"}